{"id":505,"date":"2024-03-14T18:33:58","date_gmt":"2024-03-14T17:33:58","guid":{"rendered":"https:\/\/wspolczesnyplock.pl\/?page_id=505"},"modified":"2024-03-20T14:37:58","modified_gmt":"2024-03-20T13:37:58","slug":"urszula-janik","status":"publish","type":"page","link":"https:\/\/trybicstudio.pl\/wspolczesnyplock\/urszula-janik\/","title":{"rendered":"J-JANIK"},"content":{"rendered":"\t\t<div data-elementor-type=\"wp-page\" data-elementor-id=\"505\" class=\"elementor elementor-505\">\n\t\t\t\t<div class=\"elementor-element elementor-element-e0ddaa7 e-flex e-con-boxed e-con e-parent\" data-id=\"e0ddaa7\" data-element_type=\"container\" data-settings=\"{&quot;background_background&quot;:&quot;slideshow&quot;,&quot;background_slideshow_gallery&quot;:[{&quot;id&quot;:217,&quot;url&quot;:&quot;https:\\\/\\\/trybicstudio.pl\\\/wspolczesny\\\/wp-content\\\/uploads\\\/sites\\\/5\\\/2024\\\/03\\\/main_back2-2.jpg&quot;}],&quot;background_slideshow_loop&quot;:&quot;yes&quot;,&quot;background_slideshow_slide_duration&quot;:5000,&quot;background_slideshow_slide_transition&quot;:&quot;fade&quot;,&quot;background_slideshow_transition_duration&quot;:500}\">\n\t\t\t\t\t<div class=\"e-con-inner\">\n\t\t<div class=\"elementor-element elementor-element-c08554c e-flex e-con-boxed e-con e-child\" data-id=\"c08554c\" data-element_type=\"container\">\n\t\t\t\t\t<div class=\"e-con-inner\">\n\t\t<div class=\"elementor-element elementor-element-0fad6fe e-flex e-con-boxed e-con e-child\" data-id=\"0fad6fe\" data-element_type=\"container\">\n\t\t\t\t\t<div class=\"e-con-inner\">\n\t\t<div class=\"elementor-element elementor-element-41616bd e-flex e-con-boxed e-con e-child\" data-id=\"41616bd\" data-element_type=\"container\">\n\t\t\t\t\t<div class=\"e-con-inner\">\n\t\t\t\t<div class=\"elementor-element elementor-element-2310792 elementor-widget elementor-widget-image\" data-id=\"2310792\" data-element_type=\"widget\" data-widget_type=\"image.default\">\n\t\t\t\t<div class=\"elementor-widget-container\">\n\t\t\t\t\t\t\t\t\t\t\t\t\t\t\t<img fetchpriority=\"high\" decoding=\"async\" width=\"292\" height=\"437\" src=\"https:\/\/trybicstudio.pl\/wspolczesnyplock\/wp-content\/uploads\/sites\/5\/2024\/03\/Urszula-Janik-zdjecie.jpg\" class=\"attachment-large size-large wp-image-509\" alt=\"\" srcset=\"https:\/\/trybicstudio.pl\/wspolczesnyplock\/wp-content\/uploads\/sites\/5\/2024\/03\/Urszula-Janik-zdjecie.jpg 292w, https:\/\/trybicstudio.pl\/wspolczesnyplock\/wp-content\/uploads\/sites\/5\/2024\/03\/Urszula-Janik-zdjecie-200x300.jpg 200w\" sizes=\"(max-width: 292px) 100vw, 292px\" \/>\t\t\t\t\t\t\t\t\t\t\t\t\t\t\t<\/div>\n\t\t\t\t<\/div>\n\t\t\t\t\t<\/div>\n\t\t\t\t<\/div>\n\t\t<div class=\"elementor-element elementor-element-e1059f7 e-flex e-con-boxed e-con e-child\" data-id=\"e1059f7\" data-element_type=\"container\">\n\t\t\t\t\t<div class=\"e-con-inner\">\n\t\t\t\t<div class=\"elementor-element elementor-element-cce33e6 elementor-widget elementor-widget-heading\" data-id=\"cce33e6\" data-element_type=\"widget\" data-widget_type=\"heading.default\">\n\t\t\t\t<div class=\"elementor-widget-container\">\n\t\t\t\t\t<h2 class=\"elementor-heading-title elementor-size-default\">Urszula Janik<\/h2>\t\t\t\t<\/div>\n\t\t\t\t<\/div>\n\t\t\t\t<div class=\"elementor-element elementor-element-15dd069 elementor-widget elementor-widget-heading\" data-id=\"15dd069\" data-element_type=\"widget\" data-widget_type=\"heading.default\">\n\t\t\t\t<div class=\"elementor-widget-container\">\n\t\t\t\t\t<p class=\"elementor-heading-title elementor-size-default\">Przewodnicz\u0105cy jury<\/p>\t\t\t\t<\/div>\n\t\t\t\t<\/div>\n\t\t\t\t<div class=\"elementor-element elementor-element-bc9dfb0 elementor-widget elementor-widget-text-editor\" data-id=\"bc9dfb0\" data-element_type=\"widget\" data-widget_type=\"text-editor.default\">\n\t\t\t\t<div class=\"elementor-widget-container\">\n\t\t\t\t\t\t\t\t\t<p>Absolwentka Akademii Muzycznej w \u0141odzi w klasie Antoniego Wierzbi\u0144skiego (dyplom z wyr\u00f3\u017cnieniem, 1984). Dzi\u0119ki zdobytemu stypendium doskonali\u0142a swoje umiej\u0119tno\u015bci w Konserwatorium Paryskim w klasie Alain Marion; uczestniczy\u0142a tak\u017ce w kursach mistrzowskich w Nicei (Alain Marion), Bayreuth (Milan Munclinger) i Dusznikach (Jerzy Mrozik).<\/p>\n<p><span style=\"font-size: 12px; color: var( --e-global-color-secondary ); letter-spacing: var( --e-global-typography-b50e566-letter-spacing ); word-spacing: var( --e-global-typography-b50e566-word-spacing );\">Laureatka wielu konkurs\u00f3w fletowych, m.in. Og\u00f3lnopolskiego Konkursu Fletowego we W\u0142oszkowicach (I nagroda i nagroda specjalna) oraz konkurs\u00f3w mi\u0119dzynarodowych w Anconie (W\u0142ochy &#8211; IV nagroda), w Kobe (Japonia &#8211; IV nagroda), w Lipsku (Niemcy &#8211; VI nagroda).<\/span><\/p>\n<p><span style=\"font-size: 12px; color: var( --e-global-color-secondary ); letter-spacing: var( --e-global-typography-b50e566-letter-spacing ); word-spacing: var( --e-global-typography-b50e566-word-spacing );\">W latach 1984-2002 by\u0142a pierwsz\u0105 flecistk\u0105 i solistk\u0105 Orkiestry Sinfonia Varsovia, nast\u0119pnie zosta\u0142a pierwsz\u0105 flecistk\u0105 i solistk\u0105 Orkiestry Filharmonii Narodowej w Warszawie.<\/span><\/p>\n<p><span style=\"font-size: 12px; color: var( --e-global-color-secondary ); letter-spacing: var( --e-global-typography-b50e566-letter-spacing ); word-spacing: var( --e-global-typography-b50e566-word-spacing );\">Wsp\u00f3\u0142pracowa\u0142a z takimi artystami, jak m.in.: Martha Argerich, Charles Dutoit, James Galway, Irena Grafenauer, Leopold Hager, Mischa Maisky, Alain Marion, Anne-Sophie Mutter, Krzysztof Penderecki, Jean-Pierre Rampal, M\u015bcis\u0142aw Rostropowicz oraz Yehudi Menuhin, pod kt\u00f3rego batut\u0105 wyst\u0119powa\u0142a r\u00f3wnie\u017c jako solistka i kameralistka.<\/span><\/p>\n<p><span style=\"font-size: 12px; color: var( --e-global-color-secondary ); letter-spacing: var( --e-global-typography-b50e566-letter-spacing ); word-spacing: var( --e-global-typography-b50e566-word-spacing );\">Artystka prowadzi aktywn\u0105 dzia\u0142alno\u015b\u0107 koncertow\u0105 w kraju i zagranic\u0105. Jako solistka zadebiutowa\u0142a w Filharmonii Narodowej w Symfonii koncertuj\u0105cej Andrzeja Panufnika. Dokona\u0142a wielu nagra\u0144 dla Polskiego Radia i Telewizji oraz rejestracji p\u0142ytowych, tj. album z utworami kameralnymi Debussy\u2019ego, Iberta, Ravela i Roussela (2002), p\u0142yta Barwy fletu z kompozycjami Poulenca, Joliveta, Ferrouda, Debussy\u2019ego, Iberta (2012), czy monograficzna p\u0142yta z muzyk\u0105 Pendereckiego w wykonaniu Orkiestry Filharmonii Narodowej (z solowym udzia\u0142em Urszuli Janik w utworze Fonogrammi), kt\u00f3ra uzyska\u0142a nagrod\u0119 Grammy 2012, a tak\u017ce nominacj\u0119 do nagrody Fryderyk (2012).<\/span><\/p>\n<p><span style=\"font-size: 12px; color: var( --e-global-color-secondary ); letter-spacing: var( --e-global-typography-b50e566-letter-spacing ); word-spacing: var( --e-global-typography-b50e566-word-spacing );\">Urszula Janik jest r\u00f3wnie\u017c pedagogiem. W latach 2002-2014 prowadzi\u0142a klas\u0119 fletu w Akademii Muzycznej w \u0141odzi, a od 2013 jest profesorem Uniwersytetu Muzycznego Fryderyka Chopina, gdzie w latach 2016-2018 piastowa\u0142a tak\u017ce stanowisko prodziekana Wydzia\u0142u Instrumentalnego. Inicjatorka i kierownik artystyczny cyklicznego Forum Fletowego \u201eInspiracje\u201d. Prowadzi kursy i warsztaty fletowe, m.in. w Nowym S\u0105czu,&nbsp;<\/span><span style=\"font-size: 12px; color: var( --e-global-color-secondary ); letter-spacing: var( --e-global-typography-b50e566-letter-spacing ); word-spacing: var( --e-global-typography-b50e566-word-spacing );\">Sarbinowie, Supra\u015blu, Warszawie, Gda\u0144sku. Zasiada w jury krajowych konkurs\u00f3w fletowych i kameralnych. W 2010 koncertowa\u0142a i prowadzi\u0142a warsztaty fletowe na VIII Mi\u0119dzynarodowym Festiwalu Fletowym w S\u0142owenii, obok takich gwiazd, jak Peter-Lukas Graf i Emmanuel Pahud.<\/span><\/p>\n<p><span style=\"font-size: 12px; color: var( --e-global-color-secondary ); letter-spacing: var( --e-global-typography-b50e566-letter-spacing ); word-spacing: var( --e-global-typography-b50e566-word-spacing );\">W 2022 artystka zosta\u0142a uhonorowana przez Ministra Kultury i Dziedzictwa Narodowego medalem Gloria Artis.<\/span><\/p>\n<p><span style=\"font-size: 12px; color: var( --e-global-color-secondary ); letter-spacing: var( --e-global-typography-b50e566-letter-spacing ); word-spacing: var( --e-global-typography-b50e566-word-spacing );\">Flecistka jest artystycznym przedstawicielem firmy YAMAHA.<\/span><\/p>\t\t\t\t\t\t\t\t<\/div>\n\t\t\t\t<\/div>\n\t\t\t\t\t<\/div>\n\t\t\t\t<\/div>\n\t\t\t\t\t<\/div>\n\t\t\t\t<\/div>\n\t\t\t\t\t<\/div>\n\t\t\t\t<\/div>\n\t\t\t\t\t<\/div>\n\t\t\t\t<\/div>\n\t\t\t\t<\/div>\n\t\t","protected":false},"excerpt":{"rendered":"<p>Urszula Janik Przewodnicz\u0105cy jury Absolwentka Akademii Muzycznej w \u0141odzi w klasie Antoniego Wierzbi\u0144skiego (dyplom z wyr\u00f3\u017cnieniem, 1984). Dzi\u0119ki zdobytemu stypendium doskonali\u0142a swoje umiej\u0119tno\u015bci w Konserwatorium Paryskim w klasie Alain Marion; uczestniczy\u0142a tak\u017ce w kursach mistrzowskich w Nicei (Alain Marion), Bayreuth (Milan Munclinger) i Dusznikach (Jerzy Mrozik). Laureatka wielu konkurs\u00f3w fletowych, m.in. Og\u00f3lnopolskiego Konkursu Fletowego we [&hellip;]<\/p>\n","protected":false},"author":1,"featured_media":0,"parent":0,"menu_order":0,"comment_status":"closed","ping_status":"closed","template":"","meta":{"ocean_post_layout":"full-screen","ocean_both_sidebars_style":"","ocean_both_sidebars_content_width":0,"ocean_both_sidebars_sidebars_width":0,"ocean_sidebar":"","ocean_second_sidebar":"","ocean_disable_margins":"on","ocean_add_body_class":"","ocean_shortcode_before_top_bar":"","ocean_shortcode_after_top_bar":"","ocean_shortcode_before_header":"","ocean_shortcode_after_header":"","ocean_has_shortcode":"","ocean_shortcode_after_title":"","ocean_shortcode_before_footer_widgets":"","ocean_shortcode_after_footer_widgets":"","ocean_shortcode_before_footer_bottom":"","ocean_shortcode_after_footer_bottom":"","ocean_display_top_bar":"off","ocean_display_header":"off","ocean_header_style":"","ocean_center_header_left_menu":"","ocean_custom_header_template":"","ocean_custom_logo":0,"ocean_custom_retina_logo":0,"ocean_custom_logo_max_width":0,"ocean_custom_logo_tablet_max_width":0,"ocean_custom_logo_mobile_max_width":0,"ocean_custom_logo_max_height":0,"ocean_custom_logo_tablet_max_height":0,"ocean_custom_logo_mobile_max_height":0,"ocean_header_custom_menu":"","ocean_menu_typo_font_family":"","ocean_menu_typo_font_subset":"","ocean_menu_typo_font_size":0,"ocean_menu_typo_font_size_tablet":0,"ocean_menu_typo_font_size_mobile":0,"ocean_menu_typo_font_size_unit":"px","ocean_menu_typo_font_weight":"","ocean_menu_typo_font_weight_tablet":"","ocean_menu_typo_font_weight_mobile":"","ocean_menu_typo_transform":"","ocean_menu_typo_transform_tablet":"","ocean_menu_typo_transform_mobile":"","ocean_menu_typo_line_height":0,"ocean_menu_typo_line_height_tablet":0,"ocean_menu_typo_line_height_mobile":0,"ocean_menu_typo_line_height_unit":"","ocean_menu_typo_spacing":0,"ocean_menu_typo_spacing_tablet":0,"ocean_menu_typo_spacing_mobile":0,"ocean_menu_typo_spacing_unit":"","ocean_menu_link_color":"","ocean_menu_link_color_hover":"","ocean_menu_link_color_active":"","ocean_menu_link_background":"","ocean_menu_link_hover_background":"","ocean_menu_link_active_background":"","ocean_menu_social_links_bg":"","ocean_menu_social_hover_links_bg":"","ocean_menu_social_links_color":"","ocean_menu_social_hover_links_color":"","ocean_disable_title":"on","ocean_disable_heading":"default","ocean_post_title":"","ocean_post_subheading":"","ocean_post_title_style":"","ocean_post_title_background_color":"","ocean_post_title_background":0,"ocean_post_title_bg_image_position":"","ocean_post_title_bg_image_attachment":"","ocean_post_title_bg_image_repeat":"","ocean_post_title_bg_image_size":"","ocean_post_title_height":0,"ocean_post_title_bg_overlay":0.5,"ocean_post_title_bg_overlay_color":"","ocean_disable_breadcrumbs":"default","ocean_breadcrumbs_color":"","ocean_breadcrumbs_separator_color":"","ocean_breadcrumbs_links_color":"","ocean_breadcrumbs_links_hover_color":"","ocean_display_footer_widgets":"off","ocean_display_footer_bottom":"off","ocean_custom_footer_template":"","footnotes":""},"class_list":["post-505","page","type-page","status-publish","hentry","entry"],"yoast_head":"<!-- This site is optimized with the Yoast SEO plugin v22.1 - https:\/\/yoast.com\/wordpress\/plugins\/seo\/ -->\n<title>J-JANIK - 18. Konkurs Muzyki Wsp\u00f3\u0142czesnej<\/title>\n<meta name=\"robots\" content=\"index, follow, max-snippet:-1, max-image-preview:large, max-video-preview:-1\" \/>\n<link rel=\"canonical\" href=\"https:\/\/trybicstudio.pl\/wspolczesnyplock\/urszula-janik\/\" \/>\n<meta property=\"og:locale\" content=\"pl_PL\" \/>\n<meta property=\"og:type\" content=\"article\" \/>\n<meta property=\"og:title\" content=\"J-JANIK - 18. Konkurs Muzyki Wsp\u00f3\u0142czesnej\" \/>\n<meta property=\"og:description\" content=\"Urszula Janik Przewodnicz\u0105cy jury Absolwentka Akademii Muzycznej w \u0141odzi w klasie Antoniego Wierzbi\u0144skiego (dyplom z wyr\u00f3\u017cnieniem, 1984). Dzi\u0119ki zdobytemu stypendium doskonali\u0142a swoje umiej\u0119tno\u015bci w Konserwatorium Paryskim w klasie Alain Marion; uczestniczy\u0142a tak\u017ce w kursach mistrzowskich w Nicei (Alain Marion), Bayreuth (Milan Munclinger) i Dusznikach (Jerzy Mrozik). Laureatka wielu konkurs\u00f3w fletowych, m.in. Og\u00f3lnopolskiego Konkursu Fletowego we [&hellip;]\" \/>\n<meta property=\"og:url\" content=\"https:\/\/trybicstudio.pl\/wspolczesnyplock\/urszula-janik\/\" \/>\n<meta property=\"og:site_name\" content=\"18. Konkurs Muzyki Wsp\u00f3\u0142czesnej\" \/>\n<meta property=\"article:modified_time\" content=\"2024-03-20T13:37:58+00:00\" \/>\n<meta property=\"og:image\" content=\"http:\/\/wspolczesnyplock.pl\/wp-content\/uploads\/sites\/5\/2024\/03\/Urszula-Janik-zdjecie.jpg\" \/>\n<meta name=\"twitter:card\" content=\"summary_large_image\" \/>\n<meta name=\"twitter:label1\" content=\"Szacowany czas czytania\" \/>\n\t<meta name=\"twitter:data1\" content=\"3 minuty\" \/>\n<script type=\"application\/ld+json\" class=\"yoast-schema-graph\">{\"@context\":\"https:\/\/schema.org\",\"@graph\":[{\"@type\":\"WebPage\",\"@id\":\"https:\/\/trybicstudio.pl\/wspolczesnyplock\/urszula-janik\/\",\"url\":\"https:\/\/trybicstudio.pl\/wspolczesnyplock\/urszula-janik\/\",\"name\":\"J-JANIK - 18. Konkurs Muzyki Wsp\u00f3\u0142czesnej\",\"isPartOf\":{\"@id\":\"https:\/\/trybicstudio.pl\/wspolczesnyplock\/#website\"},\"datePublished\":\"2024-03-14T17:33:58+00:00\",\"dateModified\":\"2024-03-20T13:37:58+00:00\",\"breadcrumb\":{\"@id\":\"https:\/\/trybicstudio.pl\/wspolczesnyplock\/urszula-janik\/#breadcrumb\"},\"inLanguage\":\"pl-PL\",\"potentialAction\":[{\"@type\":\"ReadAction\",\"target\":[\"https:\/\/trybicstudio.pl\/wspolczesnyplock\/urszula-janik\/\"]}]},{\"@type\":\"BreadcrumbList\",\"@id\":\"https:\/\/trybicstudio.pl\/wspolczesnyplock\/urszula-janik\/#breadcrumb\",\"itemListElement\":[{\"@type\":\"ListItem\",\"position\":1,\"name\":\"Strona g\u0142\u00f3wna\",\"item\":\"https:\/\/trybicstudio.pl\/wspolczesnyplock\/\"},{\"@type\":\"ListItem\",\"position\":2,\"name\":\"J-JANIK\"}]},{\"@type\":\"WebSite\",\"@id\":\"https:\/\/trybicstudio.pl\/wspolczesnyplock\/#website\",\"url\":\"https:\/\/trybicstudio.pl\/wspolczesnyplock\/\",\"name\":\"18. Konkurs Muzyki Wsp\u00f3\u0142czesnej\",\"description\":\"\",\"potentialAction\":[{\"@type\":\"SearchAction\",\"target\":{\"@type\":\"EntryPoint\",\"urlTemplate\":\"https:\/\/trybicstudio.pl\/wspolczesnyplock\/?s={search_term_string}\"},\"query-input\":\"required name=search_term_string\"}],\"inLanguage\":\"pl-PL\"}]}<\/script>\n<!-- \/ Yoast SEO plugin. -->","yoast_head_json":{"title":"J-JANIK - 18. Konkurs Muzyki Wsp\u00f3\u0142czesnej","robots":{"index":"index","follow":"follow","max-snippet":"max-snippet:-1","max-image-preview":"max-image-preview:large","max-video-preview":"max-video-preview:-1"},"canonical":"https:\/\/trybicstudio.pl\/wspolczesnyplock\/urszula-janik\/","og_locale":"pl_PL","og_type":"article","og_title":"J-JANIK - 18. Konkurs Muzyki Wsp\u00f3\u0142czesnej","og_description":"Urszula Janik Przewodnicz\u0105cy jury Absolwentka Akademii Muzycznej w \u0141odzi w klasie Antoniego Wierzbi\u0144skiego (dyplom z wyr\u00f3\u017cnieniem, 1984). Dzi\u0119ki zdobytemu stypendium doskonali\u0142a swoje umiej\u0119tno\u015bci w Konserwatorium Paryskim w klasie Alain Marion; uczestniczy\u0142a tak\u017ce w kursach mistrzowskich w Nicei (Alain Marion), Bayreuth (Milan Munclinger) i Dusznikach (Jerzy Mrozik). Laureatka wielu konkurs\u00f3w fletowych, m.in. Og\u00f3lnopolskiego Konkursu Fletowego we [&hellip;]","og_url":"https:\/\/trybicstudio.pl\/wspolczesnyplock\/urszula-janik\/","og_site_name":"18. Konkurs Muzyki Wsp\u00f3\u0142czesnej","article_modified_time":"2024-03-20T13:37:58+00:00","og_image":[{"url":"http:\/\/wspolczesnyplock.pl\/wp-content\/uploads\/sites\/5\/2024\/03\/Urszula-Janik-zdjecie.jpg"}],"twitter_card":"summary_large_image","twitter_misc":{"Szacowany czas czytania":"3 minuty"},"schema":{"@context":"https:\/\/schema.org","@graph":[{"@type":"WebPage","@id":"https:\/\/trybicstudio.pl\/wspolczesnyplock\/urszula-janik\/","url":"https:\/\/trybicstudio.pl\/wspolczesnyplock\/urszula-janik\/","name":"J-JANIK - 18. Konkurs Muzyki Wsp\u00f3\u0142czesnej","isPartOf":{"@id":"https:\/\/trybicstudio.pl\/wspolczesnyplock\/#website"},"datePublished":"2024-03-14T17:33:58+00:00","dateModified":"2024-03-20T13:37:58+00:00","breadcrumb":{"@id":"https:\/\/trybicstudio.pl\/wspolczesnyplock\/urszula-janik\/#breadcrumb"},"inLanguage":"pl-PL","potentialAction":[{"@type":"ReadAction","target":["https:\/\/trybicstudio.pl\/wspolczesnyplock\/urszula-janik\/"]}]},{"@type":"BreadcrumbList","@id":"https:\/\/trybicstudio.pl\/wspolczesnyplock\/urszula-janik\/#breadcrumb","itemListElement":[{"@type":"ListItem","position":1,"name":"Strona g\u0142\u00f3wna","item":"https:\/\/trybicstudio.pl\/wspolczesnyplock\/"},{"@type":"ListItem","position":2,"name":"J-JANIK"}]},{"@type":"WebSite","@id":"https:\/\/trybicstudio.pl\/wspolczesnyplock\/#website","url":"https:\/\/trybicstudio.pl\/wspolczesnyplock\/","name":"18. Konkurs Muzyki Wsp\u00f3\u0142czesnej","description":"","potentialAction":[{"@type":"SearchAction","target":{"@type":"EntryPoint","urlTemplate":"https:\/\/trybicstudio.pl\/wspolczesnyplock\/?s={search_term_string}"},"query-input":"required name=search_term_string"}],"inLanguage":"pl-PL"}]}},"_links":{"self":[{"href":"https:\/\/trybicstudio.pl\/wspolczesnyplock\/wp-json\/wp\/v2\/pages\/505","targetHints":{"allow":["GET"]}}],"collection":[{"href":"https:\/\/trybicstudio.pl\/wspolczesnyplock\/wp-json\/wp\/v2\/pages"}],"about":[{"href":"https:\/\/trybicstudio.pl\/wspolczesnyplock\/wp-json\/wp\/v2\/types\/page"}],"author":[{"embeddable":true,"href":"https:\/\/trybicstudio.pl\/wspolczesnyplock\/wp-json\/wp\/v2\/users\/1"}],"replies":[{"embeddable":true,"href":"https:\/\/trybicstudio.pl\/wspolczesnyplock\/wp-json\/wp\/v2\/comments?post=505"}],"version-history":[{"count":10,"href":"https:\/\/trybicstudio.pl\/wspolczesnyplock\/wp-json\/wp\/v2\/pages\/505\/revisions"}],"predecessor-version":[{"id":932,"href":"https:\/\/trybicstudio.pl\/wspolczesnyplock\/wp-json\/wp\/v2\/pages\/505\/revisions\/932"}],"wp:attachment":[{"href":"https:\/\/trybicstudio.pl\/wspolczesnyplock\/wp-json\/wp\/v2\/media?parent=505"}],"curies":[{"name":"wp","href":"https:\/\/api.w.org\/{rel}","templated":true}]}}