{"id":144,"date":"2024-03-01T01:00:20","date_gmt":"2024-03-01T00:00:20","guid":{"rendered":"https:\/\/trybicstudio.pl\/wspolczesny\/?page_id=144"},"modified":"2024-03-20T14:41:03","modified_gmt":"2024-03-20T13:41:03","slug":"dagmara-niedziela","status":"publish","type":"page","link":"https:\/\/trybicstudio.pl\/wspolczesnyplock\/dagmara-niedziela\/","title":{"rendered":"J-NIEDZIELA"},"content":{"rendered":"\t\t<div data-elementor-type=\"wp-page\" data-elementor-id=\"144\" class=\"elementor elementor-144\">\n\t\t\t\t<div class=\"elementor-element elementor-element-e0ddaa7 e-flex e-con-boxed e-con e-parent\" data-id=\"e0ddaa7\" data-element_type=\"container\" data-settings=\"{&quot;background_background&quot;:&quot;slideshow&quot;,&quot;background_slideshow_gallery&quot;:[{&quot;id&quot;:217,&quot;url&quot;:&quot;https:\\\/\\\/trybicstudio.pl\\\/wspolczesny\\\/wp-content\\\/uploads\\\/sites\\\/5\\\/2024\\\/03\\\/main_back2-2.jpg&quot;}],&quot;background_slideshow_loop&quot;:&quot;yes&quot;,&quot;background_slideshow_slide_duration&quot;:5000,&quot;background_slideshow_slide_transition&quot;:&quot;fade&quot;,&quot;background_slideshow_transition_duration&quot;:500}\">\n\t\t\t\t\t<div class=\"e-con-inner\">\n\t\t<div class=\"elementor-element elementor-element-c08554c e-flex e-con-boxed e-con e-child\" data-id=\"c08554c\" data-element_type=\"container\">\n\t\t\t\t\t<div class=\"e-con-inner\">\n\t\t<div class=\"elementor-element elementor-element-0fad6fe e-flex e-con-boxed e-con e-child\" data-id=\"0fad6fe\" data-element_type=\"container\">\n\t\t\t\t\t<div class=\"e-con-inner\">\n\t\t<div class=\"elementor-element elementor-element-41616bd e-flex e-con-boxed e-con e-child\" data-id=\"41616bd\" data-element_type=\"container\">\n\t\t\t\t\t<div class=\"e-con-inner\">\n\t\t\t\t<div class=\"elementor-element elementor-element-2310792 elementor-widget elementor-widget-image\" data-id=\"2310792\" data-element_type=\"widget\" data-widget_type=\"image.default\">\n\t\t\t\t<div class=\"elementor-widget-container\">\n\t\t\t\t\t\t\t\t\t\t\t\t\t\t\t<img fetchpriority=\"high\" decoding=\"async\" width=\"400\" height=\"456\" src=\"https:\/\/trybicstudio.pl\/wspolczesnyplock\/wp-content\/uploads\/sites\/5\/2024\/03\/j_niedziela.jpg\" class=\"attachment-large size-large wp-image-484\" alt=\"\" srcset=\"https:\/\/trybicstudio.pl\/wspolczesnyplock\/wp-content\/uploads\/sites\/5\/2024\/03\/j_niedziela.jpg 400w, https:\/\/trybicstudio.pl\/wspolczesnyplock\/wp-content\/uploads\/sites\/5\/2024\/03\/j_niedziela-263x300.jpg 263w\" sizes=\"(max-width: 400px) 100vw, 400px\" \/>\t\t\t\t\t\t\t\t\t\t\t\t\t\t\t<\/div>\n\t\t\t\t<\/div>\n\t\t\t\t\t<\/div>\n\t\t\t\t<\/div>\n\t\t<div class=\"elementor-element elementor-element-e1059f7 e-flex e-con-boxed e-con e-child\" data-id=\"e1059f7\" data-element_type=\"container\">\n\t\t\t\t\t<div class=\"e-con-inner\">\n\t\t\t\t<div class=\"elementor-element elementor-element-cce33e6 elementor-widget elementor-widget-heading\" data-id=\"cce33e6\" data-element_type=\"widget\" data-widget_type=\"heading.default\">\n\t\t\t\t<div class=\"elementor-widget-container\">\n\t\t\t\t\t<h2 class=\"elementor-heading-title elementor-size-default\">DAGMARA NIEDZIELA<\/h2>\t\t\t\t<\/div>\n\t\t\t\t<\/div>\n\t\t\t\t<div class=\"elementor-element elementor-element-15dd069 elementor-widget elementor-widget-heading\" data-id=\"15dd069\" data-element_type=\"widget\" data-widget_type=\"heading.default\">\n\t\t\t\t<div class=\"elementor-widget-container\">\n\t\t\t\t\t<p class=\"elementor-heading-title elementor-size-default\">Cz\u0142onek jury<\/p>\t\t\t\t<\/div>\n\t\t\t\t<\/div>\n\t\t\t\t<div class=\"elementor-element elementor-element-bc9dfb0 elementor-widget elementor-widget-text-editor\" data-id=\"bc9dfb0\" data-element_type=\"widget\" data-widget_type=\"text-editor.default\">\n\t\t\t\t<div class=\"elementor-widget-container\">\n\t\t\t\t\t\t\t\t\t<p style=\"text-align: left;\">Pianistka, absolwentka Akademii Muzycznej im. Karola Szymanowskiego w Katowicach w klasie fortepianu prof. M. Sikorskiej &#8211; Wojtacha. W macierzystej Uczelni uko\u0144czy\u0142a tak\u017ce studia podyplomowe w klasie kameralistyki&nbsp;prof. M. Szwajger \u2013 Ku\u0142akowskiej. Studia muzyczne uzupe\u0142nia\u0142a podczas kurs\u00f3w mistrzowskich prowadzonych przez takich pedagog\u00f3w jak:A. Spiri, B. Canino,&nbsp;R. Buchbinder, R. Bakst,A. Orlovetsky,&nbsp;<span style=\"font-size: 12px; color: var( --e-global-color-secondary ); letter-spacing: var( --e-global-typography-b50e566-letter-spacing ); word-spacing: var( --e-global-typography-b50e566-word-spacing );\">R. Penneys, E. Pob\u0142ocka. Stypendystka ChautauqaInstitution for Music (NY-USA) za rok 2000.<\/span><\/p>\n<p style=\"text-align: left;\"><span style=\"font-size: 12px; text-align: justify; color: var( --e-global-color-secondary ); letter-spacing: var( --e-global-typography-b50e566-letter-spacing ); word-spacing: var( --e-global-typography-b50e566-word-spacing );\">Od samego pocz\u0105tku dzia\u0142alno\u015bci zawodowej, muzyka kameralna pozostaje w g\u0142\u00f3wnym kr\u0119gu jej zainteresowa\u0144. Pojawia si\u0119 jako pianistka \u2013 kameralistka zar\u00f3wno z instrumentami d\u0119tymi drewnianymi i blaszanymi, jak i w zespo\u0142ach kameralnych z instrumentami smyczkowymi. Wielokrotnie nagradzana za akompaniament na konkursach rangi og\u00f3lnopolskiej i mi\u0119dzynarodowej. Towarzyszy\u0142a na scenie Artystom tej rangi co B. Lipovsek, G.Gyivicsan, Shauen Ding, K. Fiedukiewicz, A. Matuszczyk, E.Wole\u0144ska, W. Suru\u0142o<\/span><a name=\"_GoBack\" style=\"font-size: 12px; text-align: justify; letter-spacing: var( --e-global-typography-b50e566-letter-spacing ); word-spacing: var( --e-global-typography-b50e566-word-spacing ); background-color: rgb(255, 255, 255);\"><\/a><span style=\"font-size: 12px; text-align: justify; color: var( --e-global-color-secondary ); letter-spacing: var( --e-global-typography-b50e566-letter-spacing ); word-spacing: var( --e-global-typography-b50e566-word-spacing );\"> i in.<\/span><\/p>\n<p style=\"text-align: left;\"><span style=\"color: var( --e-global-color-secondary ); font-size: 12px; letter-spacing: var( --e-global-typography-b50e566-letter-spacing ); word-spacing: var( --e-global-typography-b50e566-word-spacing ); text-align: justify;\">Koncertowa\u0142a&nbsp; m. in.&nbsp; w Niemczech, W\u0142oszech, Belgii, S\u0142owacji, Czechach, USA. Dokona\u0142a&nbsp; nagra\u0144 archiwalnych dla Polskiego Radia i Telewizji w Katowicach,&nbsp; niemieckiej stacji WDR, a tak\u017ce polskiej wytw\u00f3rni DUX.W swojej dyskografii posiada szereg nagra\u0144 muzyki wsp\u00f3\u0142czesnej z dzie\u0142ami m.in.: A. Coplanda, Ch. Ives\u2019a, J. Francaix\u2019a, F. Poulenc\u2019a, M. Wajnberga, H. Dutilleux\u2019a, T. Madsena.<\/span><\/p>\n<p style=\"text-align: left;\"><span style=\"color: var( --e-global-color-secondary ); font-size: 12px; letter-spacing: var( --e-global-typography-b50e566-letter-spacing ); text-align: justify; word-spacing: var( --e-global-typography-b50e566-word-spacing );\">Obecnie Dagmara Niedziela pracuje na Wydziale Instrumentalnym Akademii Muzycznej im. Karola Szymanowskiego w Katowicach na stanowisku adiunkta, a tak\u017ce prowadzi&nbsp; klas\u0119 kameralistyki w ZPSM im. Wojciecha Kilara w Katowicach.<\/span><\/p>\t\t\t\t\t\t\t\t<\/div>\n\t\t\t\t<\/div>\n\t\t\t\t\t<\/div>\n\t\t\t\t<\/div>\n\t\t\t\t\t<\/div>\n\t\t\t\t<\/div>\n\t\t\t\t\t<\/div>\n\t\t\t\t<\/div>\n\t\t\t\t\t<\/div>\n\t\t\t\t<\/div>\n\t\t\t\t<\/div>\n\t\t","protected":false},"excerpt":{"rendered":"<p>DAGMARA NIEDZIELA Cz\u0142onek jury Pianistka, absolwentka Akademii Muzycznej im. Karola Szymanowskiego w Katowicach w klasie fortepianu prof. M. Sikorskiej &#8211; Wojtacha. W macierzystej Uczelni uko\u0144czy\u0142a tak\u017ce studia podyplomowe w klasie kameralistyki&nbsp;prof. M. Szwajger \u2013 Ku\u0142akowskiej. Studia muzyczne uzupe\u0142nia\u0142a podczas kurs\u00f3w mistrzowskich prowadzonych przez takich pedagog\u00f3w jak:A. Spiri, B. Canino,&nbsp;R. Buchbinder, R. Bakst,A. Orlovetsky,&nbsp;R. Penneys, E. [&hellip;]<\/p>\n","protected":false},"author":1,"featured_media":0,"parent":0,"menu_order":0,"comment_status":"closed","ping_status":"closed","template":"","meta":{"ocean_post_layout":"full-screen","ocean_both_sidebars_style":"","ocean_both_sidebars_content_width":0,"ocean_both_sidebars_sidebars_width":0,"ocean_sidebar":"","ocean_second_sidebar":"","ocean_disable_margins":"on","ocean_add_body_class":"","ocean_shortcode_before_top_bar":"","ocean_shortcode_after_top_bar":"","ocean_shortcode_before_header":"","ocean_shortcode_after_header":"","ocean_has_shortcode":"","ocean_shortcode_after_title":"","ocean_shortcode_before_footer_widgets":"","ocean_shortcode_after_footer_widgets":"","ocean_shortcode_before_footer_bottom":"","ocean_shortcode_after_footer_bottom":"","ocean_display_top_bar":"off","ocean_display_header":"off","ocean_header_style":"","ocean_center_header_left_menu":"","ocean_custom_header_template":"","ocean_custom_logo":0,"ocean_custom_retina_logo":0,"ocean_custom_logo_max_width":0,"ocean_custom_logo_tablet_max_width":0,"ocean_custom_logo_mobile_max_width":0,"ocean_custom_logo_max_height":0,"ocean_custom_logo_tablet_max_height":0,"ocean_custom_logo_mobile_max_height":0,"ocean_header_custom_menu":"","ocean_menu_typo_font_family":"","ocean_menu_typo_font_subset":"","ocean_menu_typo_font_size":0,"ocean_menu_typo_font_size_tablet":0,"ocean_menu_typo_font_size_mobile":0,"ocean_menu_typo_font_size_unit":"px","ocean_menu_typo_font_weight":"","ocean_menu_typo_font_weight_tablet":"","ocean_menu_typo_font_weight_mobile":"","ocean_menu_typo_transform":"","ocean_menu_typo_transform_tablet":"","ocean_menu_typo_transform_mobile":"","ocean_menu_typo_line_height":0,"ocean_menu_typo_line_height_tablet":0,"ocean_menu_typo_line_height_mobile":0,"ocean_menu_typo_line_height_unit":"","ocean_menu_typo_spacing":0,"ocean_menu_typo_spacing_tablet":0,"ocean_menu_typo_spacing_mobile":0,"ocean_menu_typo_spacing_unit":"","ocean_menu_link_color":"","ocean_menu_link_color_hover":"","ocean_menu_link_color_active":"","ocean_menu_link_background":"","ocean_menu_link_hover_background":"","ocean_menu_link_active_background":"","ocean_menu_social_links_bg":"","ocean_menu_social_hover_links_bg":"","ocean_menu_social_links_color":"","ocean_menu_social_hover_links_color":"","ocean_disable_title":"on","ocean_disable_heading":"default","ocean_post_title":"","ocean_post_subheading":"","ocean_post_title_style":"","ocean_post_title_background_color":"","ocean_post_title_background":0,"ocean_post_title_bg_image_position":"","ocean_post_title_bg_image_attachment":"","ocean_post_title_bg_image_repeat":"","ocean_post_title_bg_image_size":"","ocean_post_title_height":0,"ocean_post_title_bg_overlay":0.5,"ocean_post_title_bg_overlay_color":"","ocean_disable_breadcrumbs":"default","ocean_breadcrumbs_color":"","ocean_breadcrumbs_separator_color":"","ocean_breadcrumbs_links_color":"","ocean_breadcrumbs_links_hover_color":"","ocean_display_footer_widgets":"off","ocean_display_footer_bottom":"off","ocean_custom_footer_template":"","footnotes":""},"class_list":["post-144","page","type-page","status-publish","hentry","entry"],"yoast_head":"<!-- This site is optimized with the Yoast SEO plugin v22.1 - https:\/\/yoast.com\/wordpress\/plugins\/seo\/ -->\n<title>J-NIEDZIELA - 18. Konkurs Muzyki Wsp\u00f3\u0142czesnej<\/title>\n<meta name=\"robots\" content=\"index, follow, max-snippet:-1, max-image-preview:large, max-video-preview:-1\" \/>\n<link rel=\"canonical\" href=\"https:\/\/trybicstudio.pl\/wspolczesnyplock\/dagmara-niedziela\/\" \/>\n<meta property=\"og:locale\" content=\"pl_PL\" \/>\n<meta property=\"og:type\" content=\"article\" \/>\n<meta property=\"og:title\" content=\"J-NIEDZIELA - 18. Konkurs Muzyki Wsp\u00f3\u0142czesnej\" \/>\n<meta property=\"og:description\" content=\"DAGMARA NIEDZIELA Cz\u0142onek jury Pianistka, absolwentka Akademii Muzycznej im. Karola Szymanowskiego w Katowicach w klasie fortepianu prof. M. Sikorskiej &#8211; Wojtacha. W macierzystej Uczelni uko\u0144czy\u0142a tak\u017ce studia podyplomowe w klasie kameralistyki&nbsp;prof. M. Szwajger \u2013 Ku\u0142akowskiej. Studia muzyczne uzupe\u0142nia\u0142a podczas kurs\u00f3w mistrzowskich prowadzonych przez takich pedagog\u00f3w jak:A. Spiri, B. Canino,&nbsp;R. Buchbinder, R. Bakst,A. Orlovetsky,&nbsp;R. Penneys, E. [&hellip;]\" \/>\n<meta property=\"og:url\" content=\"https:\/\/trybicstudio.pl\/wspolczesnyplock\/dagmara-niedziela\/\" \/>\n<meta property=\"og:site_name\" content=\"18. Konkurs Muzyki Wsp\u00f3\u0142czesnej\" \/>\n<meta property=\"article:modified_time\" content=\"2024-03-20T13:41:03+00:00\" \/>\n<meta property=\"og:image\" content=\"http:\/\/wspolczesnyplock.pl\/wp-content\/uploads\/sites\/5\/2024\/03\/j_niedziela.jpg\" \/>\n<meta name=\"twitter:card\" content=\"summary_large_image\" \/>\n<meta name=\"twitter:label1\" content=\"Szacowany czas czytania\" \/>\n\t<meta name=\"twitter:data1\" content=\"2 minuty\" \/>\n<script type=\"application\/ld+json\" class=\"yoast-schema-graph\">{\"@context\":\"https:\/\/schema.org\",\"@graph\":[{\"@type\":\"WebPage\",\"@id\":\"https:\/\/trybicstudio.pl\/wspolczesnyplock\/dagmara-niedziela\/\",\"url\":\"https:\/\/trybicstudio.pl\/wspolczesnyplock\/dagmara-niedziela\/\",\"name\":\"J-NIEDZIELA - 18. Konkurs Muzyki Wsp\u00f3\u0142czesnej\",\"isPartOf\":{\"@id\":\"https:\/\/trybicstudio.pl\/wspolczesnyplock\/#website\"},\"datePublished\":\"2024-03-01T00:00:20+00:00\",\"dateModified\":\"2024-03-20T13:41:03+00:00\",\"breadcrumb\":{\"@id\":\"https:\/\/trybicstudio.pl\/wspolczesnyplock\/dagmara-niedziela\/#breadcrumb\"},\"inLanguage\":\"pl-PL\",\"potentialAction\":[{\"@type\":\"ReadAction\",\"target\":[\"https:\/\/trybicstudio.pl\/wspolczesnyplock\/dagmara-niedziela\/\"]}]},{\"@type\":\"BreadcrumbList\",\"@id\":\"https:\/\/trybicstudio.pl\/wspolczesnyplock\/dagmara-niedziela\/#breadcrumb\",\"itemListElement\":[{\"@type\":\"ListItem\",\"position\":1,\"name\":\"Strona g\u0142\u00f3wna\",\"item\":\"https:\/\/trybicstudio.pl\/wspolczesnyplock\/\"},{\"@type\":\"ListItem\",\"position\":2,\"name\":\"J-NIEDZIELA\"}]},{\"@type\":\"WebSite\",\"@id\":\"https:\/\/trybicstudio.pl\/wspolczesnyplock\/#website\",\"url\":\"https:\/\/trybicstudio.pl\/wspolczesnyplock\/\",\"name\":\"18. Konkurs Muzyki Wsp\u00f3\u0142czesnej\",\"description\":\"\",\"potentialAction\":[{\"@type\":\"SearchAction\",\"target\":{\"@type\":\"EntryPoint\",\"urlTemplate\":\"https:\/\/trybicstudio.pl\/wspolczesnyplock\/?s={search_term_string}\"},\"query-input\":\"required name=search_term_string\"}],\"inLanguage\":\"pl-PL\"}]}<\/script>\n<!-- \/ Yoast SEO plugin. -->","yoast_head_json":{"title":"J-NIEDZIELA - 18. Konkurs Muzyki Wsp\u00f3\u0142czesnej","robots":{"index":"index","follow":"follow","max-snippet":"max-snippet:-1","max-image-preview":"max-image-preview:large","max-video-preview":"max-video-preview:-1"},"canonical":"https:\/\/trybicstudio.pl\/wspolczesnyplock\/dagmara-niedziela\/","og_locale":"pl_PL","og_type":"article","og_title":"J-NIEDZIELA - 18. Konkurs Muzyki Wsp\u00f3\u0142czesnej","og_description":"DAGMARA NIEDZIELA Cz\u0142onek jury Pianistka, absolwentka Akademii Muzycznej im. Karola Szymanowskiego w Katowicach w klasie fortepianu prof. M. Sikorskiej &#8211; Wojtacha. W macierzystej Uczelni uko\u0144czy\u0142a tak\u017ce studia podyplomowe w klasie kameralistyki&nbsp;prof. M. Szwajger \u2013 Ku\u0142akowskiej. Studia muzyczne uzupe\u0142nia\u0142a podczas kurs\u00f3w mistrzowskich prowadzonych przez takich pedagog\u00f3w jak:A. Spiri, B. Canino,&nbsp;R. Buchbinder, R. Bakst,A. Orlovetsky,&nbsp;R. Penneys, E. [&hellip;]","og_url":"https:\/\/trybicstudio.pl\/wspolczesnyplock\/dagmara-niedziela\/","og_site_name":"18. Konkurs Muzyki Wsp\u00f3\u0142czesnej","article_modified_time":"2024-03-20T13:41:03+00:00","og_image":[{"url":"http:\/\/wspolczesnyplock.pl\/wp-content\/uploads\/sites\/5\/2024\/03\/j_niedziela.jpg"}],"twitter_card":"summary_large_image","twitter_misc":{"Szacowany czas czytania":"2 minuty"},"schema":{"@context":"https:\/\/schema.org","@graph":[{"@type":"WebPage","@id":"https:\/\/trybicstudio.pl\/wspolczesnyplock\/dagmara-niedziela\/","url":"https:\/\/trybicstudio.pl\/wspolczesnyplock\/dagmara-niedziela\/","name":"J-NIEDZIELA - 18. Konkurs Muzyki Wsp\u00f3\u0142czesnej","isPartOf":{"@id":"https:\/\/trybicstudio.pl\/wspolczesnyplock\/#website"},"datePublished":"2024-03-01T00:00:20+00:00","dateModified":"2024-03-20T13:41:03+00:00","breadcrumb":{"@id":"https:\/\/trybicstudio.pl\/wspolczesnyplock\/dagmara-niedziela\/#breadcrumb"},"inLanguage":"pl-PL","potentialAction":[{"@type":"ReadAction","target":["https:\/\/trybicstudio.pl\/wspolczesnyplock\/dagmara-niedziela\/"]}]},{"@type":"BreadcrumbList","@id":"https:\/\/trybicstudio.pl\/wspolczesnyplock\/dagmara-niedziela\/#breadcrumb","itemListElement":[{"@type":"ListItem","position":1,"name":"Strona g\u0142\u00f3wna","item":"https:\/\/trybicstudio.pl\/wspolczesnyplock\/"},{"@type":"ListItem","position":2,"name":"J-NIEDZIELA"}]},{"@type":"WebSite","@id":"https:\/\/trybicstudio.pl\/wspolczesnyplock\/#website","url":"https:\/\/trybicstudio.pl\/wspolczesnyplock\/","name":"18. Konkurs Muzyki Wsp\u00f3\u0142czesnej","description":"","potentialAction":[{"@type":"SearchAction","target":{"@type":"EntryPoint","urlTemplate":"https:\/\/trybicstudio.pl\/wspolczesnyplock\/?s={search_term_string}"},"query-input":"required name=search_term_string"}],"inLanguage":"pl-PL"}]}},"_links":{"self":[{"href":"https:\/\/trybicstudio.pl\/wspolczesnyplock\/wp-json\/wp\/v2\/pages\/144","targetHints":{"allow":["GET"]}}],"collection":[{"href":"https:\/\/trybicstudio.pl\/wspolczesnyplock\/wp-json\/wp\/v2\/pages"}],"about":[{"href":"https:\/\/trybicstudio.pl\/wspolczesnyplock\/wp-json\/wp\/v2\/types\/page"}],"author":[{"embeddable":true,"href":"https:\/\/trybicstudio.pl\/wspolczesnyplock\/wp-json\/wp\/v2\/users\/1"}],"replies":[{"embeddable":true,"href":"https:\/\/trybicstudio.pl\/wspolczesnyplock\/wp-json\/wp\/v2\/comments?post=144"}],"version-history":[{"count":18,"href":"https:\/\/trybicstudio.pl\/wspolczesnyplock\/wp-json\/wp\/v2\/pages\/144\/revisions"}],"predecessor-version":[{"id":936,"href":"https:\/\/trybicstudio.pl\/wspolczesnyplock\/wp-json\/wp\/v2\/pages\/144\/revisions\/936"}],"wp:attachment":[{"href":"https:\/\/trybicstudio.pl\/wspolczesnyplock\/wp-json\/wp\/v2\/media?parent=144"}],"curies":[{"name":"wp","href":"https:\/\/api.w.org\/{rel}","templated":true}]}}