{"id":1071,"date":"2024-03-26T20:49:20","date_gmt":"2024-03-26T19:49:20","guid":{"rendered":"https:\/\/wspolczesnyplock.pl\/?page_id=1071"},"modified":"2024-03-26T21:13:38","modified_gmt":"2024-03-26T20:13:38","slug":"laureaci-gr3","status":"publish","type":"page","link":"https:\/\/trybicstudio.pl\/wspolczesnyplock\/laureaci-gr3\/","title":{"rendered":"LAUREACI &#8211; GR 3"},"content":{"rendered":"\t\t<div data-elementor-type=\"wp-page\" data-elementor-id=\"1071\" class=\"elementor elementor-1071\">\n\t\t\t\t<div class=\"elementor-element elementor-element-385130a e-con-full e-flex e-con e-parent\" data-id=\"385130a\" data-element_type=\"container\" data-settings=\"{&quot;background_background&quot;:&quot;slideshow&quot;,&quot;background_slideshow_ken_burns&quot;:&quot;yes&quot;,&quot;background_slideshow_gallery&quot;:[{&quot;id&quot;:241,&quot;url&quot;:&quot;http:\\\/\\\/wspolczesnyplock.pl\\\/wp-content\\\/uploads\\\/sites\\\/5\\\/2024\\\/03\\\/main_back-podstrony-1.jpg&quot;}],&quot;background_slideshow_loop&quot;:&quot;yes&quot;,&quot;background_slideshow_slide_duration&quot;:5000,&quot;background_slideshow_slide_transition&quot;:&quot;fade&quot;,&quot;background_slideshow_transition_duration&quot;:500,&quot;background_slideshow_ken_burns_zoom_direction&quot;:&quot;in&quot;}\">\n\t\t<div class=\"elementor-element elementor-element-7acb724 e-con-full e-flex e-con e-child\" data-id=\"7acb724\" data-element_type=\"container\">\n\t\t<div class=\"elementor-element elementor-element-06d6c8c e-con-full e-flex e-con e-child\" data-id=\"06d6c8c\" data-element_type=\"container\">\n\t\t<div class=\"elementor-element elementor-element-a44e6d3 e-con-full e-flex e-con e-child\" data-id=\"a44e6d3\" data-element_type=\"container\" data-settings=\"{&quot;background_background&quot;:&quot;gradient&quot;}\">\n\t\t\t\t<div class=\"elementor-element elementor-element-c04fbf2 elementor-widget elementor-widget-heading\" data-id=\"c04fbf2\" data-element_type=\"widget\" data-widget_type=\"heading.default\">\n\t\t\t\t<div class=\"elementor-widget-container\">\n\t\t\t\t\t<h2 class=\"elementor-heading-title elementor-size-default\">GRUPA III<\/h2>\t\t\t\t<\/div>\n\t\t\t\t<\/div>\n\t\t\t\t<\/div>\n\t\t\t\t<\/div>\n\t\t<div class=\"elementor-element elementor-element-719187a e-flex e-con-boxed e-con e-child\" data-id=\"719187a\" data-element_type=\"container\">\n\t\t\t\t\t<div class=\"e-con-inner\">\n\t\t<div class=\"elementor-element elementor-element-4fcdb18 e-flex e-con-boxed e-con e-child\" data-id=\"4fcdb18\" data-element_type=\"container\">\n\t\t\t\t\t<div class=\"e-con-inner\">\n\t\t<div class=\"elementor-element elementor-element-7bb23a8 e-flex e-con-boxed e-con e-child\" data-id=\"7bb23a8\" data-element_type=\"container\">\n\t\t\t\t\t<div class=\"e-con-inner\">\n\t\t\t\t<div class=\"elementor-element elementor-element-ab11af3 elementor-widget elementor-widget-image\" data-id=\"ab11af3\" data-element_type=\"widget\" data-widget_type=\"image.default\">\n\t\t\t\t<div class=\"elementor-widget-container\">\n\t\t\t\t\t\t\t\t\t\t\t\t\t\t\t<img fetchpriority=\"high\" decoding=\"async\" width=\"500\" height=\"500\" src=\"https:\/\/trybicstudio.pl\/wspolczesnyplock\/wp-content\/uploads\/sites\/5\/2024\/03\/MEDAL1.webp\" class=\"attachment-large size-large wp-image-446\" alt=\"\" srcset=\"https:\/\/trybicstudio.pl\/wspolczesnyplock\/wp-content\/uploads\/sites\/5\/2024\/03\/MEDAL1.webp 500w, https:\/\/trybicstudio.pl\/wspolczesnyplock\/wp-content\/uploads\/sites\/5\/2024\/03\/MEDAL1-300x300.webp 300w, https:\/\/trybicstudio.pl\/wspolczesnyplock\/wp-content\/uploads\/sites\/5\/2024\/03\/MEDAL1-150x150.webp 150w\" sizes=\"(max-width: 500px) 100vw, 500px\" \/>\t\t\t\t\t\t\t\t\t\t\t\t\t\t\t<\/div>\n\t\t\t\t<\/div>\n\t\t\t\t\t<\/div>\n\t\t\t\t<\/div>\n\t\t<div class=\"elementor-element elementor-element-c069562 e-flex e-con-boxed e-con e-child\" data-id=\"c069562\" data-element_type=\"container\">\n\t\t\t\t\t<div class=\"e-con-inner\">\n\t\t\t\t<div class=\"elementor-element elementor-element-df41d76 elementor-widget elementor-widget-heading\" data-id=\"df41d76\" data-element_type=\"widget\" data-widget_type=\"heading.default\">\n\t\t\t\t<div class=\"elementor-widget-container\">\n\t\t\t\t\t<p class=\"elementor-heading-title elementor-size-default\">MIEJSCE 1.<br>\noraz nagroda specjalna za walory performatywne<\/p>\t\t\t\t<\/div>\n\t\t\t\t<\/div>\n\t\t\t\t<div class=\"elementor-element elementor-element-58effe8 elementor-widget elementor-widget-heading\" data-id=\"58effe8\" data-element_type=\"widget\" data-widget_type=\"heading.default\">\n\t\t\t\t<div class=\"elementor-widget-container\">\n\t\t\t\t\t<p class=\"elementor-heading-title elementor-size-default\">nagroda finansowa  w wysoko\u015bci 1800 PLN<\/p>\t\t\t\t<\/div>\n\t\t\t\t<\/div>\n\t\t\t\t<div class=\"elementor-element elementor-element-6d3437d elementor-widget elementor-widget-heading\" data-id=\"6d3437d\" data-element_type=\"widget\" data-widget_type=\"heading.default\">\n\t\t\t\t<div class=\"elementor-widget-container\">\n\t\t\t\t\t<p class=\"elementor-heading-title elementor-size-default\">Franciszek Olbry\u015b <br>z Og\u00f3lnokszta\u0142c\u0105cej Szko\u0142y Muzycznej I i II st. im F.Nowowiejskiego w Gda\u0144sku <br>z klasy perkusji p. prof. Piotra Sutta<\/p>\t\t\t\t<\/div>\n\t\t\t\t<\/div>\n\t\t\t\t\t<\/div>\n\t\t\t\t<\/div>\n\t\t\t\t\t<\/div>\n\t\t\t\t<\/div>\n\t\t<div class=\"elementor-element elementor-element-d64bd3c e-flex e-con-boxed e-con e-child\" data-id=\"d64bd3c\" data-element_type=\"container\">\n\t\t\t\t\t<div class=\"e-con-inner\">\n\t\t<div class=\"elementor-element elementor-element-8c0cb86 e-flex e-con-boxed e-con e-child\" data-id=\"8c0cb86\" data-element_type=\"container\">\n\t\t\t\t\t<div class=\"e-con-inner\">\n\t\t\t\t<div class=\"elementor-element elementor-element-6a143a6 elementor-widget elementor-widget-image\" data-id=\"6a143a6\" data-element_type=\"widget\" data-widget_type=\"image.default\">\n\t\t\t\t<div class=\"elementor-widget-container\">\n\t\t\t\t\t\t\t\t\t\t\t\t\t\t\t<img decoding=\"async\" width=\"500\" height=\"500\" src=\"https:\/\/trybicstudio.pl\/wspolczesnyplock\/wp-content\/uploads\/sites\/5\/2024\/03\/MEDAL2.webp\" class=\"attachment-large size-large wp-image-447\" alt=\"\" srcset=\"https:\/\/trybicstudio.pl\/wspolczesnyplock\/wp-content\/uploads\/sites\/5\/2024\/03\/MEDAL2.webp 500w, https:\/\/trybicstudio.pl\/wspolczesnyplock\/wp-content\/uploads\/sites\/5\/2024\/03\/MEDAL2-300x300.webp 300w, https:\/\/trybicstudio.pl\/wspolczesnyplock\/wp-content\/uploads\/sites\/5\/2024\/03\/MEDAL2-150x150.webp 150w\" sizes=\"(max-width: 500px) 100vw, 500px\" \/>\t\t\t\t\t\t\t\t\t\t\t\t\t\t\t<\/div>\n\t\t\t\t<\/div>\n\t\t\t\t\t<\/div>\n\t\t\t\t<\/div>\n\t\t<div class=\"elementor-element elementor-element-445d0d4 e-flex e-con-boxed e-con e-child\" data-id=\"445d0d4\" data-element_type=\"container\">\n\t\t\t\t\t<div class=\"e-con-inner\">\n\t\t<div class=\"elementor-element elementor-element-8d66c54 e-flex e-con-boxed e-con e-child\" data-id=\"8d66c54\" data-element_type=\"container\">\n\t\t\t\t\t<div class=\"e-con-inner\">\n\t\t\t\t<div class=\"elementor-element elementor-element-cde9820 elementor-widget elementor-widget-heading\" data-id=\"cde9820\" data-element_type=\"widget\" data-widget_type=\"heading.default\">\n\t\t\t\t<div class=\"elementor-widget-container\">\n\t\t\t\t\t<p class=\"elementor-heading-title elementor-size-default\">MIEJSCE 2.<br>\noraz nagroda specjalna za w\u0142asn\u0105 kompozycj\u0119<\/p>\t\t\t\t<\/div>\n\t\t\t\t<\/div>\n\t\t\t\t<div class=\"elementor-element elementor-element-6ac4525 elementor-widget elementor-widget-heading\" data-id=\"6ac4525\" data-element_type=\"widget\" data-widget_type=\"heading.default\">\n\t\t\t\t<div class=\"elementor-widget-container\">\n\t\t\t\t\t<p class=\"elementor-heading-title elementor-size-default\">nagroda finansowa w wysoko\u015bci 1500 PLN<\/p>\t\t\t\t<\/div>\n\t\t\t\t<\/div>\n\t\t\t\t<div class=\"elementor-element elementor-element-afb1261 elementor-widget elementor-widget-heading\" data-id=\"afb1261\" data-element_type=\"widget\" data-widget_type=\"heading.default\">\n\t\t\t\t<div class=\"elementor-widget-container\">\n\t\t\t\t\t<p class=\"elementor-heading-title elementor-size-default\">Mateusz Groth <br>z Og\u00f3lnokszta\u0142c\u0105cej Szko\u0142y Muzycznej I i II st. <br>im. F. Nowowiejskiego w Gda\u0144sku <br>z klasy fortepianu p. Aleksandry Mozgiel-Medy\u0144skiej<\/p>\t\t\t\t<\/div>\n\t\t\t\t<\/div>\n\t\t\t\t\t<\/div>\n\t\t\t\t<\/div>\n\t\t\t\t\t<\/div>\n\t\t\t\t<\/div>\n\t\t\t\t\t<\/div>\n\t\t\t\t<\/div>\n\t\t<div class=\"elementor-element elementor-element-00ed178 e-flex e-con-boxed e-con e-child\" data-id=\"00ed178\" data-element_type=\"container\">\n\t\t\t\t\t<div class=\"e-con-inner\">\n\t\t<div class=\"elementor-element elementor-element-020ced5 e-flex e-con-boxed e-con e-child\" data-id=\"020ced5\" data-element_type=\"container\">\n\t\t\t\t\t<div class=\"e-con-inner\">\n\t\t\t\t<div class=\"elementor-element elementor-element-22efc44 elementor-widget elementor-widget-image\" data-id=\"22efc44\" data-element_type=\"widget\" data-widget_type=\"image.default\">\n\t\t\t\t<div class=\"elementor-widget-container\">\n\t\t\t\t\t\t\t\t\t\t\t\t\t\t\t<img decoding=\"async\" width=\"500\" height=\"500\" src=\"https:\/\/trybicstudio.pl\/wspolczesnyplock\/wp-content\/uploads\/sites\/5\/2024\/03\/MEDAL3.webp\" class=\"attachment-large size-large wp-image-448\" alt=\"\" srcset=\"https:\/\/trybicstudio.pl\/wspolczesnyplock\/wp-content\/uploads\/sites\/5\/2024\/03\/MEDAL3.webp 500w, https:\/\/trybicstudio.pl\/wspolczesnyplock\/wp-content\/uploads\/sites\/5\/2024\/03\/MEDAL3-300x300.webp 300w, https:\/\/trybicstudio.pl\/wspolczesnyplock\/wp-content\/uploads\/sites\/5\/2024\/03\/MEDAL3-150x150.webp 150w\" sizes=\"(max-width: 500px) 100vw, 500px\" \/>\t\t\t\t\t\t\t\t\t\t\t\t\t\t\t<\/div>\n\t\t\t\t<\/div>\n\t\t\t\t\t<\/div>\n\t\t\t\t<\/div>\n\t\t<div class=\"elementor-element elementor-element-e1c32d8 e-flex e-con-boxed e-con e-child\" data-id=\"e1c32d8\" data-element_type=\"container\">\n\t\t\t\t\t<div class=\"e-con-inner\">\n\t\t<div class=\"elementor-element elementor-element-203d5dc e-flex e-con-boxed e-con e-child\" data-id=\"203d5dc\" data-element_type=\"container\">\n\t\t\t\t\t<div class=\"e-con-inner\">\n\t\t\t\t<div class=\"elementor-element elementor-element-8d77569 elementor-widget elementor-widget-heading\" data-id=\"8d77569\" data-element_type=\"widget\" data-widget_type=\"heading.default\">\n\t\t\t\t<div class=\"elementor-widget-container\">\n\t\t\t\t\t<p class=\"elementor-heading-title elementor-size-default\">MIEJSCE 3.<\/p>\t\t\t\t<\/div>\n\t\t\t\t<\/div>\n\t\t\t\t<div class=\"elementor-element elementor-element-c02712d elementor-widget elementor-widget-heading\" data-id=\"c02712d\" data-element_type=\"widget\" data-widget_type=\"heading.default\">\n\t\t\t\t<div class=\"elementor-widget-container\">\n\t\t\t\t\t<p class=\"elementor-heading-title elementor-size-default\">nagroda finansowa w wysoko\u015bci 1300 PLN<\/p>\t\t\t\t<\/div>\n\t\t\t\t<\/div>\n\t\t\t\t<div class=\"elementor-element elementor-element-e7e5bf5 elementor-widget elementor-widget-heading\" data-id=\"e7e5bf5\" data-element_type=\"widget\" data-widget_type=\"heading.default\">\n\t\t\t\t<div class=\"elementor-widget-container\">\n\t\t\t\t\t<p class=\"elementor-heading-title elementor-size-default\">Wojciech Klag <br>z Pa\u0144stwowej Og\u00f3lnokszta\u0142c\u0105cej Szko\u0142y Muzycznej II st. <br>im. F. Chopina w Krakowie <br> z klasy perkusji p. Leona Olejniczaka<\/p>\t\t\t\t<\/div>\n\t\t\t\t<\/div>\n\t\t<div class=\"elementor-element elementor-element-5d724ef e-flex e-con-boxed e-con e-child\" data-id=\"5d724ef\" data-element_type=\"container\">\n\t\t\t\t\t<div class=\"e-con-inner\">\n\t\t\t\t<div class=\"elementor-element elementor-element-2de1f72 elementor-widget elementor-widget-heading\" data-id=\"2de1f72\" data-element_type=\"widget\" data-widget_type=\"heading.default\">\n\t\t\t\t<div class=\"elementor-widget-container\">\n\t\t\t\t\t<p class=\"elementor-heading-title elementor-size-default\">WYR\u00d3\u017bNIENIA<\/p>\t\t\t\t<\/div>\n\t\t\t\t<\/div>\n\t\t\t\t<div class=\"elementor-element elementor-element-5056324 elementor-widget elementor-widget-heading\" data-id=\"5056324\" data-element_type=\"widget\" data-widget_type=\"heading.default\">\n\t\t\t\t<div class=\"elementor-widget-container\">\n\t\t\t\t\t<p class=\"elementor-heading-title elementor-size-default\">Jakub Olma z Pa\u0144stwowej Og\u00f3lnokszta\u0142c\u0105cej Szko\u0142y Muzycznej II st. im. F. Chopina\nw Krakowie z klasy perkusji p. Leona Olejniczaka<\/p>\t\t\t\t<\/div>\n\t\t\t\t<\/div>\n\t\t\t\t<div class=\"elementor-element elementor-element-9d707dc elementor-widget elementor-widget-heading\" data-id=\"9d707dc\" data-element_type=\"widget\" data-widget_type=\"heading.default\">\n\t\t\t\t<div class=\"elementor-widget-container\">\n\t\t\t\t\t<p class=\"elementor-heading-title elementor-size-default\">Marcin Kosiorowski z Zespo\u0142u Pa\u0144stwowych Szk\u00f3\u0142 Muzycznych im. M. Kar\u0142owicza w\nKrakowie z klasy fletu Martyny Klup\u015b-Radny<\/p>\t\t\t\t<\/div>\n\t\t\t\t<\/div>\n\t\t\t\t<div class=\"elementor-element elementor-element-de5a5e2 elementor-widget elementor-widget-heading\" data-id=\"de5a5e2\" data-element_type=\"widget\" data-widget_type=\"heading.default\">\n\t\t\t\t<div class=\"elementor-widget-container\">\n\t\t\t\t\t<p class=\"elementor-heading-title elementor-size-default\">Natalia Szymczyk z Pa\u0144stwowej Og\u00f3lnokszta\u0142c\u0105cej Szko\u0142y Muzycznej II st. im. K.\nSzymanowskiego w Katowicach w klasie skrzypiec p. prof. \u0141ukasza B\u0142aszczyka<\/p>\t\t\t\t<\/div>\n\t\t\t\t<\/div>\n\t\t\t\t<div class=\"elementor-element elementor-element-8665298 elementor-widget elementor-widget-heading\" data-id=\"8665298\" data-element_type=\"widget\" data-widget_type=\"heading.default\">\n\t\t\t\t<div class=\"elementor-widget-container\">\n\t\t\t\t\t<p class=\"elementor-heading-title elementor-size-default\">Katarzyna Brzezi\u0144ska z Pa\u0144stwowej Szko\u0142y Muzycznej I i II st. im. K.\nSzymanowskiego w P\u0142ocku z klasy akordeonu p. Piotra Fr\u0105sia<\/p>\t\t\t\t<\/div>\n\t\t\t\t<\/div>\n\t\t\t\t<div class=\"elementor-element elementor-element-2d1dc6e elementor-widget elementor-widget-heading\" data-id=\"2d1dc6e\" data-element_type=\"widget\" data-widget_type=\"heading.default\">\n\t\t\t\t<div class=\"elementor-widget-container\">\n\t\t\t\t\t<p class=\"elementor-heading-title elementor-size-default\">Maria Widlarz z Zespo\u0142u Pa\u0144stwowych Szk\u00f3\u0142 Muzycznych nr 4 im. K.\nSzymanowskiego w Warszawie z klasy fortepianu p. Wilii Ochockiej-Janusz<\/p>\t\t\t\t<\/div>\n\t\t\t\t<\/div>\n\t\t\t\t\t<\/div>\n\t\t\t\t<\/div>\n\t\t<div class=\"elementor-element elementor-element-0da6014 e-flex e-con-boxed e-con e-child\" data-id=\"0da6014\" data-element_type=\"container\">\n\t\t\t\t\t<div class=\"e-con-inner\">\n\t\t\t\t<div class=\"elementor-element elementor-element-96ae8f6 elementor-widget elementor-widget-heading\" data-id=\"96ae8f6\" data-element_type=\"widget\" data-widget_type=\"heading.default\">\n\t\t\t\t<div class=\"elementor-widget-container\">\n\t\t\t\t\t<p class=\"elementor-heading-title elementor-size-default\">Dyplom za wyr\u00f3\u017cniaj\u0105cy akompaniament<\/p>\t\t\t\t<\/div>\n\t\t\t\t<\/div>\n\t\t\t\t<div class=\"elementor-element elementor-element-21c6517 elementor-widget elementor-widget-heading\" data-id=\"21c6517\" data-element_type=\"widget\" data-widget_type=\"heading.default\">\n\t\t\t\t<div class=\"elementor-widget-container\">\n\t\t\t\t\t<p class=\"elementor-heading-title elementor-size-default\">\u0141ukasz J\u00f3\u017awiak z Pa\u0144stwowowej Szko\u0142y Muzycznej I i II stopnia im. Fryderyka Chopina w Olsztynie<\/p>\t\t\t\t<\/div>\n\t\t\t\t<\/div>\n\t\t\t\t\t<\/div>\n\t\t\t\t<\/div>\n\t\t\t\t\t<\/div>\n\t\t\t\t<\/div>\n\t\t\t\t\t<\/div>\n\t\t\t\t<\/div>\n\t\t\t\t\t<\/div>\n\t\t\t\t<\/div>\n\t\t\t\t\t<\/div>\n\t\t\t\t<\/div>\n\t\t\t\t<\/div>\n\t\t\t\t<\/div>\n\t\t\t\t<\/div>\n\t\t","protected":false},"excerpt":{"rendered":"<p>GRUPA III MIEJSCE 1. oraz nagroda specjalna za walory performatywne nagroda finansowa w wysoko\u015bci 1800 PLN Franciszek Olbry\u015b z Og\u00f3lnokszta\u0142c\u0105cej Szko\u0142y Muzycznej I i II st. im F.Nowowiejskiego w Gda\u0144sku z klasy perkusji p. prof. Piotra Sutta MIEJSCE 2. oraz nagroda specjalna za w\u0142asn\u0105 kompozycj\u0119 nagroda finansowa w wysoko\u015bci 1500 PLN Mateusz Groth z Og\u00f3lnokszta\u0142c\u0105cej [&hellip;]<\/p>\n","protected":false},"author":1,"featured_media":0,"parent":0,"menu_order":0,"comment_status":"closed","ping_status":"closed","template":"","meta":{"ocean_post_layout":"full-screen","ocean_both_sidebars_style":"","ocean_both_sidebars_content_width":0,"ocean_both_sidebars_sidebars_width":0,"ocean_sidebar":"","ocean_second_sidebar":"","ocean_disable_margins":"on","ocean_add_body_class":"","ocean_shortcode_before_top_bar":"","ocean_shortcode_after_top_bar":"","ocean_shortcode_before_header":"","ocean_shortcode_after_header":"","ocean_has_shortcode":"","ocean_shortcode_after_title":"","ocean_shortcode_before_footer_widgets":"","ocean_shortcode_after_footer_widgets":"","ocean_shortcode_before_footer_bottom":"","ocean_shortcode_after_footer_bottom":"","ocean_display_top_bar":"off","ocean_display_header":"off","ocean_header_style":"","ocean_center_header_left_menu":"","ocean_custom_header_template":"","ocean_custom_logo":0,"ocean_custom_retina_logo":0,"ocean_custom_logo_max_width":0,"ocean_custom_logo_tablet_max_width":0,"ocean_custom_logo_mobile_max_width":0,"ocean_custom_logo_max_height":0,"ocean_custom_logo_tablet_max_height":0,"ocean_custom_logo_mobile_max_height":0,"ocean_header_custom_menu":"","ocean_menu_typo_font_family":"","ocean_menu_typo_font_subset":"","ocean_menu_typo_font_size":0,"ocean_menu_typo_font_size_tablet":0,"ocean_menu_typo_font_size_mobile":0,"ocean_menu_typo_font_size_unit":"px","ocean_menu_typo_font_weight":"","ocean_menu_typo_font_weight_tablet":"","ocean_menu_typo_font_weight_mobile":"","ocean_menu_typo_transform":"","ocean_menu_typo_transform_tablet":"","ocean_menu_typo_transform_mobile":"","ocean_menu_typo_line_height":0,"ocean_menu_typo_line_height_tablet":0,"ocean_menu_typo_line_height_mobile":0,"ocean_menu_typo_line_height_unit":"","ocean_menu_typo_spacing":0,"ocean_menu_typo_spacing_tablet":0,"ocean_menu_typo_spacing_mobile":0,"ocean_menu_typo_spacing_unit":"","ocean_menu_link_color":"","ocean_menu_link_color_hover":"","ocean_menu_link_color_active":"","ocean_menu_link_background":"","ocean_menu_link_hover_background":"","ocean_menu_link_active_background":"","ocean_menu_social_links_bg":"","ocean_menu_social_hover_links_bg":"","ocean_menu_social_links_color":"","ocean_menu_social_hover_links_color":"","ocean_disable_title":"on","ocean_disable_heading":"default","ocean_post_title":"","ocean_post_subheading":"","ocean_post_title_style":"","ocean_post_title_background_color":"","ocean_post_title_background":0,"ocean_post_title_bg_image_position":"","ocean_post_title_bg_image_attachment":"","ocean_post_title_bg_image_repeat":"","ocean_post_title_bg_image_size":"","ocean_post_title_height":0,"ocean_post_title_bg_overlay":0.5,"ocean_post_title_bg_overlay_color":"","ocean_disable_breadcrumbs":"default","ocean_breadcrumbs_color":"","ocean_breadcrumbs_separator_color":"","ocean_breadcrumbs_links_color":"","ocean_breadcrumbs_links_hover_color":"","ocean_display_footer_widgets":"off","ocean_display_footer_bottom":"off","ocean_custom_footer_template":"","footnotes":""},"class_list":["post-1071","page","type-page","status-publish","hentry","entry"],"yoast_head":"<!-- This site is optimized with the Yoast SEO plugin v22.1 - https:\/\/yoast.com\/wordpress\/plugins\/seo\/ -->\n<title>LAUREACI - GR 3 - 18. Konkurs Muzyki Wsp\u00f3\u0142czesnej<\/title>\n<meta name=\"robots\" content=\"index, follow, max-snippet:-1, max-image-preview:large, max-video-preview:-1\" \/>\n<link rel=\"canonical\" href=\"https:\/\/trybicstudio.pl\/wspolczesnyplock\/laureaci-gr3\/\" \/>\n<meta property=\"og:locale\" content=\"pl_PL\" \/>\n<meta property=\"og:type\" content=\"article\" \/>\n<meta property=\"og:title\" content=\"LAUREACI - GR 3 - 18. Konkurs Muzyki Wsp\u00f3\u0142czesnej\" \/>\n<meta property=\"og:description\" content=\"GRUPA III MIEJSCE 1. oraz nagroda specjalna za walory performatywne nagroda finansowa w wysoko\u015bci 1800 PLN Franciszek Olbry\u015b z Og\u00f3lnokszta\u0142c\u0105cej Szko\u0142y Muzycznej I i II st. im F.Nowowiejskiego w Gda\u0144sku z klasy perkusji p. prof. Piotra Sutta MIEJSCE 2. oraz nagroda specjalna za w\u0142asn\u0105 kompozycj\u0119 nagroda finansowa w wysoko\u015bci 1500 PLN Mateusz Groth z Og\u00f3lnokszta\u0142c\u0105cej [&hellip;]\" \/>\n<meta property=\"og:url\" content=\"https:\/\/trybicstudio.pl\/wspolczesnyplock\/laureaci-gr3\/\" \/>\n<meta property=\"og:site_name\" content=\"18. Konkurs Muzyki Wsp\u00f3\u0142czesnej\" \/>\n<meta property=\"article:modified_time\" content=\"2024-03-26T20:13:38+00:00\" \/>\n<meta property=\"og:image\" content=\"http:\/\/wspolczesnyplock.pl\/wp-content\/uploads\/sites\/5\/2024\/03\/MEDAL1.webp\" \/>\n<meta name=\"twitter:card\" content=\"summary_large_image\" \/>\n<meta name=\"twitter:label1\" content=\"Szacowany czas czytania\" \/>\n\t<meta name=\"twitter:data1\" content=\"2 minuty\" \/>\n<script type=\"application\/ld+json\" class=\"yoast-schema-graph\">{\"@context\":\"https:\/\/schema.org\",\"@graph\":[{\"@type\":\"WebPage\",\"@id\":\"https:\/\/trybicstudio.pl\/wspolczesnyplock\/laureaci-gr3\/\",\"url\":\"https:\/\/trybicstudio.pl\/wspolczesnyplock\/laureaci-gr3\/\",\"name\":\"LAUREACI - GR 3 - 18. Konkurs Muzyki Wsp\u00f3\u0142czesnej\",\"isPartOf\":{\"@id\":\"https:\/\/trybicstudio.pl\/wspolczesnyplock\/#website\"},\"datePublished\":\"2024-03-26T19:49:20+00:00\",\"dateModified\":\"2024-03-26T20:13:38+00:00\",\"breadcrumb\":{\"@id\":\"https:\/\/trybicstudio.pl\/wspolczesnyplock\/laureaci-gr3\/#breadcrumb\"},\"inLanguage\":\"pl-PL\",\"potentialAction\":[{\"@type\":\"ReadAction\",\"target\":[\"https:\/\/trybicstudio.pl\/wspolczesnyplock\/laureaci-gr3\/\"]}]},{\"@type\":\"BreadcrumbList\",\"@id\":\"https:\/\/trybicstudio.pl\/wspolczesnyplock\/laureaci-gr3\/#breadcrumb\",\"itemListElement\":[{\"@type\":\"ListItem\",\"position\":1,\"name\":\"Strona g\u0142\u00f3wna\",\"item\":\"https:\/\/trybicstudio.pl\/wspolczesnyplock\/\"},{\"@type\":\"ListItem\",\"position\":2,\"name\":\"LAUREACI &#8211; GR 3\"}]},{\"@type\":\"WebSite\",\"@id\":\"https:\/\/trybicstudio.pl\/wspolczesnyplock\/#website\",\"url\":\"https:\/\/trybicstudio.pl\/wspolczesnyplock\/\",\"name\":\"18. Konkurs Muzyki Wsp\u00f3\u0142czesnej\",\"description\":\"\",\"potentialAction\":[{\"@type\":\"SearchAction\",\"target\":{\"@type\":\"EntryPoint\",\"urlTemplate\":\"https:\/\/trybicstudio.pl\/wspolczesnyplock\/?s={search_term_string}\"},\"query-input\":\"required name=search_term_string\"}],\"inLanguage\":\"pl-PL\"}]}<\/script>\n<!-- \/ Yoast SEO plugin. -->","yoast_head_json":{"title":"LAUREACI - GR 3 - 18. Konkurs Muzyki Wsp\u00f3\u0142czesnej","robots":{"index":"index","follow":"follow","max-snippet":"max-snippet:-1","max-image-preview":"max-image-preview:large","max-video-preview":"max-video-preview:-1"},"canonical":"https:\/\/trybicstudio.pl\/wspolczesnyplock\/laureaci-gr3\/","og_locale":"pl_PL","og_type":"article","og_title":"LAUREACI - GR 3 - 18. Konkurs Muzyki Wsp\u00f3\u0142czesnej","og_description":"GRUPA III MIEJSCE 1. oraz nagroda specjalna za walory performatywne nagroda finansowa w wysoko\u015bci 1800 PLN Franciszek Olbry\u015b z Og\u00f3lnokszta\u0142c\u0105cej Szko\u0142y Muzycznej I i II st. im F.Nowowiejskiego w Gda\u0144sku z klasy perkusji p. prof. Piotra Sutta MIEJSCE 2. oraz nagroda specjalna za w\u0142asn\u0105 kompozycj\u0119 nagroda finansowa w wysoko\u015bci 1500 PLN Mateusz Groth z Og\u00f3lnokszta\u0142c\u0105cej [&hellip;]","og_url":"https:\/\/trybicstudio.pl\/wspolczesnyplock\/laureaci-gr3\/","og_site_name":"18. Konkurs Muzyki Wsp\u00f3\u0142czesnej","article_modified_time":"2024-03-26T20:13:38+00:00","og_image":[{"url":"http:\/\/wspolczesnyplock.pl\/wp-content\/uploads\/sites\/5\/2024\/03\/MEDAL1.webp"}],"twitter_card":"summary_large_image","twitter_misc":{"Szacowany czas czytania":"2 minuty"},"schema":{"@context":"https:\/\/schema.org","@graph":[{"@type":"WebPage","@id":"https:\/\/trybicstudio.pl\/wspolczesnyplock\/laureaci-gr3\/","url":"https:\/\/trybicstudio.pl\/wspolczesnyplock\/laureaci-gr3\/","name":"LAUREACI - GR 3 - 18. Konkurs Muzyki Wsp\u00f3\u0142czesnej","isPartOf":{"@id":"https:\/\/trybicstudio.pl\/wspolczesnyplock\/#website"},"datePublished":"2024-03-26T19:49:20+00:00","dateModified":"2024-03-26T20:13:38+00:00","breadcrumb":{"@id":"https:\/\/trybicstudio.pl\/wspolczesnyplock\/laureaci-gr3\/#breadcrumb"},"inLanguage":"pl-PL","potentialAction":[{"@type":"ReadAction","target":["https:\/\/trybicstudio.pl\/wspolczesnyplock\/laureaci-gr3\/"]}]},{"@type":"BreadcrumbList","@id":"https:\/\/trybicstudio.pl\/wspolczesnyplock\/laureaci-gr3\/#breadcrumb","itemListElement":[{"@type":"ListItem","position":1,"name":"Strona g\u0142\u00f3wna","item":"https:\/\/trybicstudio.pl\/wspolczesnyplock\/"},{"@type":"ListItem","position":2,"name":"LAUREACI &#8211; GR 3"}]},{"@type":"WebSite","@id":"https:\/\/trybicstudio.pl\/wspolczesnyplock\/#website","url":"https:\/\/trybicstudio.pl\/wspolczesnyplock\/","name":"18. Konkurs Muzyki Wsp\u00f3\u0142czesnej","description":"","potentialAction":[{"@type":"SearchAction","target":{"@type":"EntryPoint","urlTemplate":"https:\/\/trybicstudio.pl\/wspolczesnyplock\/?s={search_term_string}"},"query-input":"required name=search_term_string"}],"inLanguage":"pl-PL"}]}},"_links":{"self":[{"href":"https:\/\/trybicstudio.pl\/wspolczesnyplock\/wp-json\/wp\/v2\/pages\/1071","targetHints":{"allow":["GET"]}}],"collection":[{"href":"https:\/\/trybicstudio.pl\/wspolczesnyplock\/wp-json\/wp\/v2\/pages"}],"about":[{"href":"https:\/\/trybicstudio.pl\/wspolczesnyplock\/wp-json\/wp\/v2\/types\/page"}],"author":[{"embeddable":true,"href":"https:\/\/trybicstudio.pl\/wspolczesnyplock\/wp-json\/wp\/v2\/users\/1"}],"replies":[{"embeddable":true,"href":"https:\/\/trybicstudio.pl\/wspolczesnyplock\/wp-json\/wp\/v2\/comments?post=1071"}],"version-history":[{"count":16,"href":"https:\/\/trybicstudio.pl\/wspolczesnyplock\/wp-json\/wp\/v2\/pages\/1071\/revisions"}],"predecessor-version":[{"id":1147,"href":"https:\/\/trybicstudio.pl\/wspolczesnyplock\/wp-json\/wp\/v2\/pages\/1071\/revisions\/1147"}],"wp:attachment":[{"href":"https:\/\/trybicstudio.pl\/wspolczesnyplock\/wp-json\/wp\/v2\/media?parent=1071"}],"curies":[{"name":"wp","href":"https:\/\/api.w.org\/{rel}","templated":true}]}}